{"id":39,"date":"2018-01-19T12:41:38","date_gmt":"2018-01-19T12:41:38","guid":{"rendered":"http:\/\/stutz-dr.com\/?page_id=39"},"modified":"2025-07-31T07:43:52","modified_gmt":"2025-07-31T07:43:52","slug":"impressum","status":"publish","type":"page","link":"https:\/\/stutz-dr.com\/?page_id=39","title":{"rendered":"Impressum"},"content":{"rendered":"<p><b>Verantwortlich f\u00fcr den Inhalt:<\/b><\/p>\n<p>MVZ Stutz &amp; Voit<br \/>\n\u00c4rztlicher Leiter: Dr. med. J. Stutz<br \/>\nGesch\u00e4ftsf\u00fchrer: Ulrich Voit<br \/>\nSitz der Gesellschaft: Schwarzenbach am Wald<br \/>\nAmtsgericht Hof: HRB 4919<br \/>\nSteuernummer: 223\/132\/90291<\/p>\n<p>Thiemitztalstra\u00dfe 3\/6<br \/>\n95131 Schwarzenbach am Wald<br \/>\nTelefon: 09289\/970800<br \/>\nTelefax: 09289\/970801<br \/>\ne-mail: stutz.dr@t-online.de<\/p>\n<hr \/>\n<div>\n<div><b>Kassenrechtliche Vertretung:<\/b><\/div>\n<div>Kassen\u00e4rztliche Vereinigung Bayerns<br \/>\nBezirksstelle Oberfranken<br \/>\nBrandenburger Stra\u00dfe 4<br \/>\n95448 Bayreuth<br \/>\n<span style=\"text-decoration: underline;\"><strong><span style=\"color: #0000ff; text-decoration: underline;\"><a style=\"color: #0000ff; text-decoration: underline;\" href=\"http:\/\/www.kvb.de\">http:\/\/www.kvb.de<\/a><\/span><\/strong><\/span><\/div>\n<p><b>Zust\u00e4ndige Landes\u00e4rztekammer:\u00a0<\/b><br \/>\nBayerische Landes\u00e4rztekammer<br \/>\nM\u00fchlbaurstr. 16, 81677 M\u00fcnchen<br \/>\n<span style=\"text-decoration: underline;\"><strong><span style=\"color: #0000ff;\"><a class=\"Landes\u00e4rztekammer\" style=\"color: #0000ff; text-decoration: underline;\" href=\"http:\/\/www.blaek.de\/\" target=\"_blank\" rel=\"noopener\">www.blaek.de<\/a><\/span><\/strong><\/span><\/p>\n<\/div>\n<p><b><br \/>\nHaftungshinweis: Trotz sorgf\u00e4ltiger inhaltlicher Kontrolle \u00fcbernehmen wir keine Haftung f\u00fcr die Inhalte externer Links. F\u00fcr den Inhalt der verlinkten Seiten sind ausschlie\u00dflich deren Betreiber verantwortlich.<\/b><\/p>\n","protected":false},"excerpt":{"rendered":"<p>Verantwortlich f\u00fcr den Inhalt: MVZ Stutz &amp; Voit \u00c4rztlicher Leiter: Dr. med. J. Stutz Gesch\u00e4ftsf\u00fchrer: Ulrich Voit Sitz der Gesellschaft:&hellip; <a class=\"read-more\" href=\"https:\/\/stutz-dr.com\/?page_id=39\">Weiterlesen <span class=\"screen-reader-text\">Impressum<\/span><\/a><\/p>\n","protected":false},"author":1,"featured_media":0,"parent":0,"menu_order":0,"comment_status":"closed","ping_status":"closed","template":"","meta":{"footnotes":""},"class_list":["post-39","page","type-page","status-publish","hentry"],"jetpack_sharing_enabled":true,"_links":{"self":[{"href":"https:\/\/stutz-dr.com\/index.php?rest_route=\/wp\/v2\/pages\/39","targetHints":{"allow":["GET"]}}],"collection":[{"href":"https:\/\/stutz-dr.com\/index.php?rest_route=\/wp\/v2\/pages"}],"about":[{"href":"https:\/\/stutz-dr.com\/index.php?rest_route=\/wp\/v2\/types\/page"}],"author":[{"embeddable":true,"href":"https:\/\/stutz-dr.com\/index.php?rest_route=\/wp\/v2\/users\/1"}],"replies":[{"embeddable":true,"href":"https:\/\/stutz-dr.com\/index.php?rest_route=%2Fwp%2Fv2%2Fcomments&post=39"}],"version-history":[{"count":5,"href":"https:\/\/stutz-dr.com\/index.php?rest_route=\/wp\/v2\/pages\/39\/revisions"}],"predecessor-version":[{"id":472,"href":"https:\/\/stutz-dr.com\/index.php?rest_route=\/wp\/v2\/pages\/39\/revisions\/472"}],"wp:attachment":[{"href":"https:\/\/stutz-dr.com\/index.php?rest_route=%2Fwp%2Fv2%2Fmedia&parent=39"}],"curies":[{"name":"wp","href":"https:\/\/api.w.org\/{rel}","templated":true}]}}